{"id":15598,"date":"2020-01-08T09:34:28","date_gmt":"2020-01-08T08:34:28","guid":{"rendered":"https:\/\/demo.theme-sky.com\/mymedi-import\/?page_id=15598"},"modified":"2026-01-08T15:35:16","modified_gmt":"2026-01-08T14:35:16","slug":"accueil","status":"publish","type":"page","link":"https:\/\/anpp.dz\/fr\/","title":{"rendered":"Accueil"},"content":{"rendered":"<div class=\"wpb-content-wrapper\"><p>[vc_row layout=&#8221;ts-row-boxed&#8221;][vc_column]\n\t\t\t<!-- START Posts slider REVOLUTION SLIDER 6.6.2 --><p class=\"rs-p-wp-fix\"><\/p>\n\t\t\t<rs-module-wrap id=\"rev_slider_16_1_wrapper\" data-source=\"post\" style=\"visibility:hidden;background:transparent;padding:0;margin:0px auto;margin-top:0;margin-bottom:0;\">\n\t\t\t\t<rs-module id=\"rev_slider_16_1\" style=\"\" data-version=\"6.6.2\">\n\t\t\t\t\t<rs-slides style=\"overflow: hidden; position: absolute;\">\n\t\t\t\t\t\t<rs-slide style=\"position: absolute;\" data-key=\"rs-21642\" data-title=\"Le Pr\u00e9sident de la R\u00e9publique supervise l\u2019inauguration du nouveau complexe industriel de fabrication de m\u00e9dicaments \u00e0 Constantine.\" data-thumb=\"\/\/anpp.dz\/wp-content\/uploads\/2025\/11\/FB_IMG_1763657401534-1-50x100.jpg\" data-anim=\"ms:1990;\" data-in=\"o:0;\" data-out=\"a:false;\">\n\t\t\t\t\t\t\t<img decoding=\"async\" src=\"\/\/anpp.dz\/wp-content\/plugins\/revslider\/public\/assets\/assets\/dummy.png\" alt=\"\" title=\"FB_IMG_1763657401534\" width=\"2048\" height=\"1366\" class=\"rev-slidebg tp-rs-img rs-lazyload\" data-lazyload=\"\/\/anpp.dz\/wp-content\/uploads\/2025\/11\/FB_IMG_1763657401534-1.jpg\" data-no-retina>\n<!--\n\t\t\t\t\t\t\t--><rs-layer\n\t\t\t\t\t\t\t\tid=\"slider-16-slide-21642-layer-1\" \n\t\t\t\t\t\t\t\tdata-type=\"shape\"\n\t\t\t\t\t\t\t\tdata-rsp_ch=\"on\"\n\t\t\t\t\t\t\t\tdata-xy=\"x:-14px;y:326px;\"\n\t\t\t\t\t\t\t\tdata-text=\"w:normal;\"\n\t\t\t\t\t\t\t\tdata-dim=\"w:1270px;h:66px;\"\n\t\t\t\t\t\t\t\tdata-frame_1=\"sp:1980;\"\n\t\t\t\t\t\t\t\tdata-frame_999=\"o:0;st:w;sR:7020;\"\n\t\t\t\t\t\t\t\tstyle=\"z-index:6;background-color:rgba(0,0,0,0.67);\"\n\t\t\t\t\t\t\t> \n\t\t\t\t\t\t\t<\/rs-layer><!--\n\n\t\t\t\t\t\t\t--><a\n\t\t\t\t\t\t\t\tid=\"slider-16-slide-21642-layer-3\" \n\t\t\t\t\t\t\t\tclass=\"rs-layer\"\n\t\t\t\t\t\t\t\thref=\"https:\/\/anpp.dz\/fr\/le-president-de-la-republique-supervise-linauguration-du-nouveau-complexe-industriel-de-fabrication-de-medicaments-a-constantine\/\" target=\"_self\"\n\t\t\t\t\t\t\t\tdata-type=\"text\"\n\t\t\t\t\t\t\t\tdata-color=\"#ffffff\"\n\t\t\t\t\t\t\t\tdata-tsh=\"c:rgba(112,112,112,0.25);h:10px;v:10px;b:10px;\"\n\t\t\t\t\t\t\t\tdata-rsp_ch=\"on\"\n\t\t\t\t\t\t\t\tdata-xy=\"x:c;y:336px;\"\n\t\t\t\t\t\t\t\tdata-text=\"w:normal;s:20;l:45;ls:2;fw:300;a:center;\"\n\t\t\t\t\t\t\t\tdata-dim=\"w:1124px;minw:60px;minh:0px;\"\n\t\t\t\t\t\t\t\tdata-frame_1=\"sp:1990;\"\n\t\t\t\t\t\t\t\tdata-frame_999=\"o:0;st:w;sR:7010;\"\n\t\t\t\t\t\t\t\tdata-tloop=\"u:true;\"\n\t\t\t\t\t\t\t\tstyle=\"z-index:7;font-family:'Noto Kufi Arabic';\"\n\t\t\t\t\t\t\t>Le Pr\u00e9sident de la R\u00e9publique supervise l\u2019inauguration du nouveau complexe industriel de fabrication de m\u00e9dicaments \u00e0 Constantine. \n\t\t\t\t\t\t\t<\/a><!--\n-->\t\t\t\t\t\t<\/rs-slide>\n\t\t\t\t\t\t<rs-slide style=\"position: absolute;\" data-key=\"rs-21644\" data-title=\"L\u2019Agence nationale des produits pharmaceutiques signe deux m\u00e9morandums d\u2019entente dans le cadre du renforcement de la coop\u00e9ration africaine en mati\u00e8re de r\u00e9glementation des m\u00e9dicaments et d\u2019\u00e9change d\u2019expertises.\" data-thumb=\"\/\/anpp.dz\/wp-content\/uploads\/2025\/12\/WhatsApp-Image-2025-12-24-at-17.11.22-50x100.jpeg\" data-anim=\"ms:1990;\" data-in=\"o:0;\" data-out=\"a:false;\">\n\t\t\t\t\t\t\t<img decoding=\"async\" src=\"\/\/anpp.dz\/wp-content\/plugins\/revslider\/public\/assets\/assets\/dummy.png\" alt=\"\" title=\"WhatsApp Image 2025-12-24 at 17.11.22\" width=\"1080\" height=\"759\" class=\"rev-slidebg tp-rs-img rs-lazyload\" data-lazyload=\"\/\/anpp.dz\/wp-content\/uploads\/2025\/12\/WhatsApp-Image-2025-12-24-at-17.11.22.jpeg\" data-no-retina>\n<!--\n\t\t\t\t\t\t\t--><rs-layer\n\t\t\t\t\t\t\t\tid=\"slider-16-slide-21644-layer-1\" \n\t\t\t\t\t\t\t\tdata-type=\"shape\"\n\t\t\t\t\t\t\t\tdata-rsp_ch=\"on\"\n\t\t\t\t\t\t\t\tdata-xy=\"x:-14px;y:326px;\"\n\t\t\t\t\t\t\t\tdata-text=\"w:normal;\"\n\t\t\t\t\t\t\t\tdata-dim=\"w:1270px;h:66px;\"\n\t\t\t\t\t\t\t\tdata-frame_1=\"sp:1980;\"\n\t\t\t\t\t\t\t\tdata-frame_999=\"o:0;st:w;sR:7020;\"\n\t\t\t\t\t\t\t\tstyle=\"z-index:6;background-color:rgba(0,0,0,0.67);\"\n\t\t\t\t\t\t\t> \n\t\t\t\t\t\t\t<\/rs-layer><!--\n\n\t\t\t\t\t\t\t--><a\n\t\t\t\t\t\t\t\tid=\"slider-16-slide-21644-layer-3\" \n\t\t\t\t\t\t\t\tclass=\"rs-layer\"\n\t\t\t\t\t\t\t\thref=\"https:\/\/anpp.dz\/fr\/lagence-nationale-des-produits-pharmaceutiques-signe-deux-memorandums-dentente-dans-le-cadre-du-renforcement-de-la-cooperation-africaine-en-matiere-de-reglementation-des-medicaments\/\" target=\"_self\"\n\t\t\t\t\t\t\t\tdata-type=\"text\"\n\t\t\t\t\t\t\t\tdata-color=\"#ffffff\"\n\t\t\t\t\t\t\t\tdata-tsh=\"c:rgba(112,112,112,0.25);h:10px;v:10px;b:10px;\"\n\t\t\t\t\t\t\t\tdata-rsp_ch=\"on\"\n\t\t\t\t\t\t\t\tdata-xy=\"x:c;y:336px;\"\n\t\t\t\t\t\t\t\tdata-text=\"w:normal;s:20;l:45;ls:2;fw:300;a:center;\"\n\t\t\t\t\t\t\t\tdata-dim=\"w:1124px;minw:60px;minh:0px;\"\n\t\t\t\t\t\t\t\tdata-frame_1=\"sp:1990;\"\n\t\t\t\t\t\t\t\tdata-frame_999=\"o:0;st:w;sR:7010;\"\n\t\t\t\t\t\t\t\tdata-tloop=\"u:true;\"\n\t\t\t\t\t\t\t\tstyle=\"z-index:7;font-family:'Noto Kufi Arabic';\"\n\t\t\t\t\t\t\t>L\u2019Agence nationale des produits pharmaceutiques signe deux m\u00e9morandums d\u2019entente dans le cadre du renforcement de la coop\u00e9ration africaine en mati\u00e8re de r\u00e9glementation des m\u00e9dicaments et d\u2019\u00e9change d\u2019expertises. \n\t\t\t\t\t\t\t<\/a><!--\n-->\t\t\t\t\t\t<\/rs-slide>\n\t\t\t\t\t\t<rs-slide style=\"position: absolute;\" data-key=\"rs-21643\" data-title=\"Visite de terrain de plusieurs pavillons de l\u2019exposition d\u00e9di\u00e9s au secteur de l\u2019industrie pharmaceutique.\" data-thumb=\"\/\/anpp.dz\/wp-content\/uploads\/2025\/12\/602359398_122163092594765467_3753982468198421414_n-50x100.jpg\" data-anim=\"ms:1990;\" data-in=\"o:0;\" data-out=\"a:false;\">\n\t\t\t\t\t\t\t<img decoding=\"async\" src=\"\/\/anpp.dz\/wp-content\/plugins\/revslider\/public\/assets\/assets\/dummy.png\" alt=\"\" title=\"602359398_122163092594765467_3753982468198421414_n\" width=\"1280\" height=\"853\" class=\"rev-slidebg tp-rs-img rs-lazyload\" data-lazyload=\"\/\/anpp.dz\/wp-content\/uploads\/2025\/12\/602359398_122163092594765467_3753982468198421414_n.jpg\" data-no-retina>\n<!--\n\t\t\t\t\t\t\t--><rs-layer\n\t\t\t\t\t\t\t\tid=\"slider-16-slide-21643-layer-1\" \n\t\t\t\t\t\t\t\tdata-type=\"shape\"\n\t\t\t\t\t\t\t\tdata-rsp_ch=\"on\"\n\t\t\t\t\t\t\t\tdata-xy=\"x:-14px;y:326px;\"\n\t\t\t\t\t\t\t\tdata-text=\"w:normal;\"\n\t\t\t\t\t\t\t\tdata-dim=\"w:1270px;h:66px;\"\n\t\t\t\t\t\t\t\tdata-frame_1=\"sp:1980;\"\n\t\t\t\t\t\t\t\tdata-frame_999=\"o:0;st:w;sR:7020;\"\n\t\t\t\t\t\t\t\tstyle=\"z-index:6;background-color:rgba(0,0,0,0.67);\"\n\t\t\t\t\t\t\t> \n\t\t\t\t\t\t\t<\/rs-layer><!--\n\n\t\t\t\t\t\t\t--><a\n\t\t\t\t\t\t\t\tid=\"slider-16-slide-21643-layer-3\" \n\t\t\t\t\t\t\t\tclass=\"rs-layer\"\n\t\t\t\t\t\t\t\thref=\"https:\/\/anpp.dz\/fr\/visite-de-terrain-de-plusieurs-pavillons-de-lexposition-dedies-au-secteur-de-lindustrie-pharmaceutique\/\" target=\"_self\"\n\t\t\t\t\t\t\t\tdata-type=\"text\"\n\t\t\t\t\t\t\t\tdata-color=\"#ffffff\"\n\t\t\t\t\t\t\t\tdata-tsh=\"c:rgba(112,112,112,0.25);h:10px;v:10px;b:10px;\"\n\t\t\t\t\t\t\t\tdata-rsp_ch=\"on\"\n\t\t\t\t\t\t\t\tdata-xy=\"x:c;y:336px;\"\n\t\t\t\t\t\t\t\tdata-text=\"w:normal;s:20;l:45;ls:2;fw:300;a:center;\"\n\t\t\t\t\t\t\t\tdata-dim=\"w:1124px;minw:60px;minh:0px;\"\n\t\t\t\t\t\t\t\tdata-frame_1=\"sp:1990;\"\n\t\t\t\t\t\t\t\tdata-frame_999=\"o:0;st:w;sR:7010;\"\n\t\t\t\t\t\t\t\tdata-tloop=\"u:true;\"\n\t\t\t\t\t\t\t\tstyle=\"z-index:7;font-family:'Noto Kufi Arabic';\"\n\t\t\t\t\t\t\t>Visite de terrain de plusieurs pavillons de l\u2019exposition d\u00e9di\u00e9s au secteur de l\u2019industrie pharmaceutique. \n\t\t\t\t\t\t\t<\/a><!--\n-->\t\t\t\t\t\t<\/rs-slide>\n\t\t\t\t\t<\/rs-slides>\n\t\t\t\t<\/rs-module>\n\t\t\t\t<script>\n\t\t\t\t\tsetREVStartSize({c: 'rev_slider_16_1',rl:[1240,1024,778,480],el:[400],gw:[1240],gh:[400],type:'standard',justify:'',layout:'fullwidth',mh:\"0\"});if (window.RS_MODULES!==undefined && window.RS_MODULES.modules!==undefined && window.RS_MODULES.modules[\"revslider161\"]!==undefined) {window.RS_MODULES.modules[\"revslider161\"].once = false;window.revapi16 = undefined;if (window.RS_MODULES.checkMinimal!==undefined) window.RS_MODULES.checkMinimal()}\n\t\t\t\t<\/script>\n\t\t\t<\/rs-module-wrap>\n\t\t\t<!-- END REVOLUTION SLIDER -->\n[\/vc_column][\/vc_row][vc_row full_width=&#8221;stretch_row&#8221; css_animation=&#8221;fadeIn&#8221; css=&#8221;.vc_custom_1766629697650{margin-bottom: 50px !important;padding-top: 60px !important;padding-bottom: 60px !important;background-color: #FFFFFF !important;background-position: 0 0 !important;background-repeat: no-repeat !important;}&#8221; el_class=&#8221;bg-center&#8221;][vc_column]\t\t<div class=\"ts-heading heading-1 heading-center text-default \">\n\t\t\t<h1 class=\"heading\">Nos Missions<\/h1>\n\t\t<\/div>\n\t\t[vc_row_inner][vc_column_inner width=&#8221;1\/3&#8243;][mvc_infobox link=&#8221;link_box&#8221; title_color=&#8221;#000000&#8243; info_title=&#8221;Enregistrement des Produits Pharmaceutiques&#8221; image_size=&#8221;150&#8243; btn_url=&#8221;url:https%3A%2F%2Fanpp.dz%2Fmissions%2F&#8221; image_id=&#8221;21242&#8243;][\/mvc_infobox][\/vc_column_inner][vc_column_inner width=&#8221;1\/3&#8243;][mvc_infobox link=&#8221;link_box&#8221; title_color=&#8221;#000000&#8243; info_title=&#8221;Homologation des Dispositifs M\u00e9dicaux&#8221; image_id=&#8221;21244&#8243; image_size=&#8221;150&#8243; btn_url=&#8221;url:https%3A%2F%2Fanpp.dz%2Fmissions%2F&#8221;][\/mvc_infobox][\/vc_column_inner][vc_column_inner width=&#8221;1\/3&#8243;][mvc_infobox link=&#8221;link_box&#8221; title_color=&#8221;#000000&#8243; info_title=&#8221;Contr\u00f4le de la Qualit\u00e9 et de l&#8217;Expertise&#8221; image_id=&#8221;21246&#8243; image_size=&#8221;150&#8243; btn_url=&#8221;url:https%3A%2F%2Fanpp.dz%2Fmissions%2F&#8221;][\/mvc_infobox][\/vc_column_inner][\/vc_row_inner]<div class=\"ts-button-wrapper ts-aligncenter  has-border\"><div class=\"ts-shortcode-custom-style hidden\">.ts-button-wrapper a.ts-button-1{background:#ffffff;border-color:#000000;border-width:1px ;color:#0B51A8;}.ts-button-wrapper a.ts-button-1:hover{background:#0C3373;border-color:#000000;color:#ffffff;}<\/div><a href=\"http:\/\/anpp.dz\/missions\" target=\"_blank\" class=\"ts-button ts-button-1 medium\"><span>Voir Plus<\/span><\/a><\/div>[\/vc_column][\/vc_row][vc_row][vc_column]\t\t<div class=\"ts-heading heading-1 heading-center text-default \">\n\t\t\t<h1 class=\"heading\">Mot du Directeur G\u00e9n\u00e9ral de l\u2019ANPP<\/h1>\n\t\t<\/div>\n\t\t[vc_row_inner][vc_column_inner][\/vc_column_inner][vc_column_inner][vc_empty_space][vc_separator css=&#8221;&#8221;][vc_empty_space][info_banner_vc style_visibility=&#8221;left&#8221; google_fonts=&#8221;font_family:ABeeZee%3Aregular%2Citalic|font_style:400%20regular%3A400%3Anormal&#8221; btn_ptop=&#8221;0&#8243; btn_pleft=&#8221;0&#8243; btn_radius=&#8221;0&#8243; image_id=&#8221;20859&#8243; img_radius=&#8221;10&#8243; pic_size=&#8221;700&#8243; pic_height=&#8221;400&#8243;]<b>Bienvenue sur le site officiel de l\u2019Agence Nationale des Produits Pharmaceutiques (ANPP).<\/b><\/p>\n<p>&nbsp;<\/p>\n<p>Notre mission est d\u2019assurer la&nbsp;<b>s\u00e9curit\u00e9, la qualit\u00e9 et l\u2019efficacit\u00e9<\/b>&nbsp;des produits pharmaceutiques mis \u00e0 la disposition des citoyens, tout en veillant \u00e0&nbsp;<b>accompagner le d\u00e9veloppement du secteur pharmaceutique national<\/b>.<\/p>\n<p>&nbsp;<\/p>\n<p>\u00c0 travers ce site, nous souhaitons offrir un espace d\u2019information&nbsp;<b>transparent, accessible et interactif<\/b>, destin\u00e9 aussi bien aux professionnels de l\u2019industrie pharmaceutique et de la sant\u00e9 qu\u2019aux partenaires institutionnels et au grand public&#8230;<\/p>\n<p style=\"text-align: right;\"><b>Mr Delih Cherif<\/b><br \/>\n<b>Directeur G\u00e9n\u00e9ral<\/b><br \/>\n<b>Agence Nationale des Produits Pharmaceutiques (ANPP)<\/b>[\/info_banner_vc]<div class=\"ts-button-wrapper ts-aligncenter  has-border\"><div class=\"ts-shortcode-custom-style hidden\">.ts-button-wrapper a.ts-button-2{background:#ffffff;border-color:#000000;border-width:1px ;color:#0B51A8;}.ts-button-wrapper a.ts-button-2:hover{background:#0C3373;border-color:#000000;color:#ffffff;}<\/div><a href=\"https:\/\/anpp.dz\/fr\/mot-du-directeur-general\/\" target=\"_blank\" class=\"ts-button ts-button-2 medium\"><span>Lire la suite<\/span><\/a><\/div>[\/vc_column_inner][\/vc_row_inner][vc_empty_space][\/vc_column][\/vc_row][vc_row][vc_column]\t\t<div class=\"ts-heading heading-1 heading-center text-default \">\n\t\t\t<h1 class=\"heading\">Nos Services en ligne<\/h1>\n\t\t<\/div>\n\t\t[\/vc_column][\/vc_row][vc_row][vc_column width=&#8221;1\/6&#8243;][vc_cta h2=&#8221;&#8221; txt_align=&#8221;center&#8221; add_button=&#8221;bottom&#8221; btn_title=&#8221;S&#8217;identifier&#8221; btn_align=&#8221;center&#8221; css=&#8221;&#8221; btn_link=&#8221;url:https%3A%2F%2Fetasjil.anpp.dz%2Flogin|title:eTASJIL&#8221;]<img loading=\"lazy\" decoding=\"async\" class=\"alignnone wp-image-21228 size-medium\" src=\"https:\/\/anpp.dz\/wp-content\/uploads\/2025\/12\/1-2-300x300.png\" alt=\"\" width=\"300\" height=\"300\" srcset=\"https:\/\/anpp.dz\/wp-content\/uploads\/2025\/12\/1-2-300x300.png 300w, https:\/\/anpp.dz\/wp-content\/uploads\/2025\/12\/1-2-150x150.png 150w, https:\/\/anpp.dz\/wp-content\/uploads\/2025\/12\/1-2-100x100.png 100w, https:\/\/anpp.dz\/wp-content\/uploads\/2025\/12\/1-2-46x46.png 46w, https:\/\/anpp.dz\/wp-content\/uploads\/2025\/12\/1-2-310x310.png 310w, https:\/\/anpp.dz\/wp-content\/uploads\/2025\/12\/1-2.png 469w\" sizes=\"auto, (max-width: 300px) 100vw, 300px\" \/><\/p>\n<h3>E-TASJIL<\/h3>\n<p>[\/vc_cta][\/vc_column][vc_column width=&#8221;1\/6&#8243;][vc_cta h2=&#8221;&#8221; txt_align=&#8221;center&#8221; add_button=&#8221;bottom&#8221; btn_title=&#8221;S&#8217;identifier&#8221; btn_align=&#8221;center&#8221; css=&#8221;&#8221; btn_link=&#8221;url:https%3A%2F%2Fetatdeclaratif.anpp.dz%2Flogin|title:Etat%20d%C3%A9claratif&#8221;]<img loading=\"lazy\" decoding=\"async\" class=\"alignnone wp-image-21230 size-medium\" src=\"https:\/\/anpp.dz\/wp-content\/uploads\/2025\/12\/2-2-300x300.png\" alt=\"\" width=\"300\" height=\"300\" srcset=\"https:\/\/anpp.dz\/wp-content\/uploads\/2025\/12\/2-2-300x300.png 300w, https:\/\/anpp.dz\/wp-content\/uploads\/2025\/12\/2-2-150x150.png 150w, https:\/\/anpp.dz\/wp-content\/uploads\/2025\/12\/2-2-100x100.png 100w, https:\/\/anpp.dz\/wp-content\/uploads\/2025\/12\/2-2-46x46.png 46w, https:\/\/anpp.dz\/wp-content\/uploads\/2025\/12\/2-2-310x310.png 310w, https:\/\/anpp.dz\/wp-content\/uploads\/2025\/12\/2-2.png 469w\" sizes=\"auto, (max-width: 300px) 100vw, 300px\" \/><\/p>\n<h5>Etat D\u00e9claratif<\/h5>\n<p>[\/vc_cta][\/vc_column][vc_column width=&#8221;1\/6&#8243;][vc_cta h2=&#8221;&#8221; txt_align=&#8221;center&#8221; add_button=&#8221;bottom&#8221; btn_title=&#8221;Prendre RDV&#8221; btn_align=&#8221;center&#8221; css=&#8221;&#8221; btn_link=&#8221;url:https%3A%2F%2Frdvpp.anpp.dz%2F|title:RDV%20PP&#8221;]<img loading=\"lazy\" decoding=\"async\" class=\"alignnone wp-image-21232 size-medium\" src=\"https:\/\/anpp.dz\/wp-content\/uploads\/2025\/12\/3-2-300x300.png\" alt=\"\" width=\"300\" height=\"300\" srcset=\"https:\/\/anpp.dz\/wp-content\/uploads\/2025\/12\/3-2-300x300.png 300w, https:\/\/anpp.dz\/wp-content\/uploads\/2025\/12\/3-2-150x150.png 150w, https:\/\/anpp.dz\/wp-content\/uploads\/2025\/12\/3-2-100x100.png 100w, https:\/\/anpp.dz\/wp-content\/uploads\/2025\/12\/3-2-46x46.png 46w, https:\/\/anpp.dz\/wp-content\/uploads\/2025\/12\/3-2-310x310.png 310w, https:\/\/anpp.dz\/wp-content\/uploads\/2025\/12\/3-2.png 469w\" sizes=\"auto, (max-width: 300px) 100vw, 300px\" \/><\/p>\n<h3 class=\"wp-block-heading alignwide has-text-align-center\">RDV PP<\/h3>\n<p>[\/vc_cta][\/vc_column][vc_column width=&#8221;1\/6&#8243;][vc_cta h2=&#8221;&#8221; txt_align=&#8221;center&#8221; add_button=&#8221;bottom&#8221; btn_title=&#8221;Prendre RDV&#8221; btn_align=&#8221;center&#8221; css=&#8221;&#8221; btn_link=&#8221;url:https%3A%2F%2Frdvdm.anpp.dz%2F|title:RDV%20DM&#8221;]<img loading=\"lazy\" decoding=\"async\" class=\"alignnone wp-image-21234 size-medium\" src=\"https:\/\/anpp.dz\/wp-content\/uploads\/2025\/12\/4-1-300x300.png\" alt=\"\" width=\"300\" height=\"300\" srcset=\"https:\/\/anpp.dz\/wp-content\/uploads\/2025\/12\/4-1-300x300.png 300w, https:\/\/anpp.dz\/wp-content\/uploads\/2025\/12\/4-1-150x150.png 150w, https:\/\/anpp.dz\/wp-content\/uploads\/2025\/12\/4-1-100x100.png 100w, https:\/\/anpp.dz\/wp-content\/uploads\/2025\/12\/4-1-46x46.png 46w, https:\/\/anpp.dz\/wp-content\/uploads\/2025\/12\/4-1-310x310.png 310w, https:\/\/anpp.dz\/wp-content\/uploads\/2025\/12\/4-1.png 469w\" sizes=\"auto, (max-width: 300px) 100vw, 300px\" \/><\/p>\n<h3>RDV DM<\/h3>\n<p>[\/vc_cta][\/vc_column][vc_column width=&#8221;1\/6&#8243;][vc_cta h2=&#8221;&#8221; txt_align=&#8221;center&#8221; add_button=&#8221;bottom&#8221; btn_title=&#8221;S&#8217;identifier&#8221; btn_align=&#8221;center&#8221; css=&#8221;&#8221; btn_link=&#8221;url:https%3A%2F%2Fanpp.dz%2Fcomm-illicite-pp%2F|title:Commercialisation%20Illicite%20des%20PP&#8221;]<img loading=\"lazy\" decoding=\"async\" class=\"alignnone wp-image-21236 size-medium\" src=\"https:\/\/anpp.dz\/wp-content\/uploads\/2025\/12\/5-1-300x300.png\" alt=\"\" width=\"300\" height=\"300\" srcset=\"https:\/\/anpp.dz\/wp-content\/uploads\/2025\/12\/5-1-300x300.png 300w, https:\/\/anpp.dz\/wp-content\/uploads\/2025\/12\/5-1-150x150.png 150w, https:\/\/anpp.dz\/wp-content\/uploads\/2025\/12\/5-1-100x100.png 100w, https:\/\/anpp.dz\/wp-content\/uploads\/2025\/12\/5-1-46x46.png 46w, https:\/\/anpp.dz\/wp-content\/uploads\/2025\/12\/5-1-310x310.png 310w, https:\/\/anpp.dz\/wp-content\/uploads\/2025\/12\/5-1.png 469w\" sizes=\"auto, (max-width: 300px) 100vw, 300px\" \/><\/p>\n<h3 class=\"heading-title page-title entry-title \">PP Illicites<\/h3>\n<p>[\/vc_cta][\/vc_column][vc_column width=&#8221;1\/6&#8243;][vc_cta h2=&#8221;&#8221; txt_align=&#8221;center&#8221; add_button=&#8221;bottom&#8221; btn_title=&#8221;Rechercher&#8221; btn_align=&#8221;center&#8221; css=&#8221;&#8221; btn_link=&#8221;url:https%3A%2F%2Frcp.anpp.dz%2F|title:%20(RCP)%20RESUME%20DES%20CARACT%C3%89RISTIQUES%20DU%20PRODUIT%20&#8243;]<img loading=\"lazy\" decoding=\"async\" class=\"alignnone wp-image-21236 size-medium\" src=\"https:\/\/anpp.dz\/wp-content\/uploads\/2025\/12\/5-1-300x300.png\" alt=\"\" width=\"300\" height=\"300\" srcset=\"https:\/\/anpp.dz\/wp-content\/uploads\/2025\/12\/5-1-300x300.png 300w, https:\/\/anpp.dz\/wp-content\/uploads\/2025\/12\/5-1-150x150.png 150w, https:\/\/anpp.dz\/wp-content\/uploads\/2025\/12\/5-1-100x100.png 100w, https:\/\/anpp.dz\/wp-content\/uploads\/2025\/12\/5-1-46x46.png 46w, https:\/\/anpp.dz\/wp-content\/uploads\/2025\/12\/5-1-310x310.png 310w, https:\/\/anpp.dz\/wp-content\/uploads\/2025\/12\/5-1.png 469w\" sizes=\"auto, (max-width: 300px) 100vw, 300px\" \/><\/p>\n<h3 class=\"heading-title page-title entry-title \">RCP<\/h3>\n<p>[\/vc_cta][\/vc_column][\/vc_row][vc_row][vc_column][vc_empty_space height=&#8221;30px&#8221;][vc_row_inner][vc_column_inner][\/vc_column_inner][\/vc_row_inner]\t\t\t<div class=\"ts-blogs-wrapper ts-shortcode ts-blogs heading-center style-default grid columns-3 \" data-atts=\"{&quot;layout&quot;:&quot;grid&quot;,&quot;columns&quot;:3,&quot;categories&quot;:&quot;277&quot;,&quot;per_page&quot;:&quot;6&quot;,&quot;orderby&quot;:&quot;date&quot;,&quot;order&quot;:&quot;DESC&quot;,&quot;item_layout&quot;:&quot;grid&quot;,&quot;show_title&quot;:&quot;1&quot;,&quot;show_thumbnail&quot;:&quot;1&quot;,&quot;show_author&quot;:&quot;0&quot;,&quot;show_tags&quot;:&quot;0&quot;,&quot;show_categories&quot;:&quot;0&quot;,&quot;show_date&quot;:&quot;1&quot;,&quot;show_comment&quot;:&quot;0&quot;,&quot;show_excerpt&quot;:&quot;0&quot;,&quot;show_readmore&quot;:&quot;0&quot;,&quot;excerpt_words&quot;:20,&quot;is_slider&quot;:0,&quot;show_nav&quot;:&quot;1&quot;,&quot;auto_play&quot;:&quot;1&quot;,&quot;margin&quot;:0,&quot;is_masonry&quot;:0,&quot;show_load_more&quot;:&quot;0&quot;}\">\n\t\t\t\n\t\t\t\t\t\t\t\t<header class=\"shortcode-heading-wrapper\">\n\t\t\t\t\t<h2 class=\"shortcode-title\">\n\t\t\t\t\t\tActualit\u00e9s\t\t\t\t\t<\/h2>\n\t\t\t\t<\/header>\n\t\t\t\t\t\t\t\t\n\t\t\t\t<div class=\"content-wrapper\">\n\t\t\t\t\t<div class=\"blogs items\">\n\t\t\t\t\t\t\t\t\t\t<article class=\"item   ts-col-8 first\">\n\t\t\t\t\t\t\n\t\t\t\t\t\t\t\t\t\t\n\t\t\t\t\t\t\t\t\t\t\t<div class=\"thumbnail-content\">\n\t\t\t\t\t\t\t\t\t\t\t\t\t\t\t<a class=\"thumbnail  \" href=\"https:\/\/anpp.dz\/fr\/inauguration-de-lannexe-regionale-de-lagence-nationale-des-produits-pharmaceutiques-a-constantine-et-signature-dun-memorandum-dentente-pour-renforcer-la-recherche-e\/\">\n\t\t\t\t\t\t\t\t\t<figure>\n\t\t\t\t\t\t\t\t\t<img loading=\"lazy\" decoding=\"async\" width=\"496\" height=\"262\" src=\"https:\/\/anpp.dz\/wp-content\/uploads\/2026\/03\/1-496x262.jpg\" class=\"attachment-mymedi_blog_thumb_shortcode size-mymedi_blog_thumb_shortcode wp-post-image\" alt=\"\" srcset=\"https:\/\/anpp.dz\/wp-content\/uploads\/2026\/03\/1-496x262.jpg 496w, https:\/\/anpp.dz\/wp-content\/uploads\/2026\/03\/1-992x525.jpg 992w\" sizes=\"auto, (max-width: 496px) 100vw, 496px\" \/>\t\t\t\t\t\t\t\t\t<\/figure>\n\t\t\t\t\t\t\t\t\t<div class=\"effect-thumbnail\"><\/div>\n\t\t\t\t\t\t\t\t<\/a>\n\t\t\t\t\t\t\t\t\t\t\t\t\t\n\t\t\t\t\t\t<\/div>\n\t\t\t\t\t\t\t\t\t\n\t\t\t\t\t\t\t\t\t\t\t\n\t\t\t\t\t\t<div class=\"entry-content\">\n\t\t\t\t\t\t\t\n\t\t\t\t\t\t\t\t\t\t\t\t\t\t<header>\n\t\t\t\t\t\t\t\t<h4 class=\"heading-title entry-title\">\n\t\t\t\t\t\t\t\t\t<a class=\"post-title heading-title\" href=\"https:\/\/anpp.dz\/fr\/inauguration-de-lannexe-regionale-de-lagence-nationale-des-produits-pharmaceutiques-a-constantine-et-signature-dun-memorandum-dentente-pour-renforcer-la-recherche-e\/\">Inauguration de l\u2019annexe r\u00e9gionale de l\u2019Agence Nationale des Produits Pharmaceutiques \u00e0 Constantine et signature d\u2019un m\u00e9morandum d\u2019entente pour renforcer la recherche et l\u2019innovation dans l\u2019industrie pharmaceutique.<\/a>\n\t\t\t\t\t\t\t\t<\/h4>\n\t\t\t\t\t\t\t<\/header>\n\t\t\t\t\t\t\t\t\t\t\t\t\t\t\n\t\t\t\t\t\t\t\t\t\t\t\t\t\t\t<div class=\"entry-meta-middle\">\n\t\t\t\t\t\t\t\t\n\t\t\t\t\t\t\t\t\t<!-- Blog Date Time -->\n\t\t\t\t\t\t\t\t\t\t\t\t\t\t\t\t\t\t<span class=\"date-time\">\n\t\t\t\t\t\t\t\t\t\t02-03-2026\t\t\t\t\t\t\t\t\t<\/span>\n\t\t\t\t\t\t\t\t\t\t\t\n\t\t\t\t\t\t\t\t\n\t\t\t\t\t\t\t\t\t<!-- Blog Author -->\n\t\t\t\t\t\t\t\t\t\t\t\t\t\t\t\t\t\t\n\t\t\t\t\t\t\t\t\t<!-- Blog Comment -->\n\t\t\t\t\t\t\t\t\t\t\t\t\t\t\t\t\t\t\n\t\t\t\t\t\t\t\t\t<!-- Blog Categories -->\n\t\t\t\t\t\t\t\t\t\t\t\t\t\t\t\t\t\t\n\t\t\t\t\t\t\t\t<\/div>\n\t\t\t\t\t\t\t\t\t\t\t\t\t\t\n\t\t\t\t\t\t\t\t\t\t\t\t\t\t\n\t\t\t\t\t\t\t\t\t\t\t\t\t<\/div>\n\t\t\t\t\t\t\t\n\t\t\t\t\t\t\t\t\t<\/article>\n\t\t\t\t\t\t\t<article class=\"item   ts-col-8 \">\n\t\t\t\t\t\t\n\t\t\t\t\t\t\t\t\t\t\n\t\t\t\t\t\t\t\t\t\t\t<div class=\"thumbnail-content\">\n\t\t\t\t\t\t\t\t\t\t\t\t\t\t\t<a class=\"thumbnail  \" href=\"https:\/\/anpp.dz\/fr\/atelier-dedie-a-lauto-evaluation-du-systeme-national-en-vigueur-dans-le-domaine-de-la-production-pharmaceutique-et-des-vaccins\/\">\n\t\t\t\t\t\t\t\t\t<figure>\n\t\t\t\t\t\t\t\t\t<img loading=\"lazy\" decoding=\"async\" width=\"496\" height=\"262\" src=\"https:\/\/anpp.dz\/wp-content\/uploads\/2026\/02\/01-496x262.jpg\" class=\"attachment-mymedi_blog_thumb_shortcode size-mymedi_blog_thumb_shortcode wp-post-image\" alt=\"\" srcset=\"https:\/\/anpp.dz\/wp-content\/uploads\/2026\/02\/01-496x262.jpg 496w, https:\/\/anpp.dz\/wp-content\/uploads\/2026\/02\/01-992x525.jpg 992w\" sizes=\"auto, (max-width: 496px) 100vw, 496px\" \/>\t\t\t\t\t\t\t\t\t<\/figure>\n\t\t\t\t\t\t\t\t\t<div class=\"effect-thumbnail\"><\/div>\n\t\t\t\t\t\t\t\t<\/a>\n\t\t\t\t\t\t\t\t\t\t\t\t\t\n\t\t\t\t\t\t<\/div>\n\t\t\t\t\t\t\t\t\t\n\t\t\t\t\t\t\t\t\t\t\t\n\t\t\t\t\t\t<div class=\"entry-content\">\n\t\t\t\t\t\t\t\n\t\t\t\t\t\t\t\t\t\t\t\t\t\t<header>\n\t\t\t\t\t\t\t\t<h4 class=\"heading-title entry-title\">\n\t\t\t\t\t\t\t\t\t<a class=\"post-title heading-title\" href=\"https:\/\/anpp.dz\/fr\/atelier-dedie-a-lauto-evaluation-du-systeme-national-en-vigueur-dans-le-domaine-de-la-production-pharmaceutique-et-des-vaccins\/\">Atelier d\u00e9di\u00e9 \u00e0 l\u2019auto-\u00e9valuation du syst\u00e8me national en vigueur dans le domaine de la production pharmaceutique et des vaccins<\/a>\n\t\t\t\t\t\t\t\t<\/h4>\n\t\t\t\t\t\t\t<\/header>\n\t\t\t\t\t\t\t\t\t\t\t\t\t\t\n\t\t\t\t\t\t\t\t\t\t\t\t\t\t\t<div class=\"entry-meta-middle\">\n\t\t\t\t\t\t\t\t\n\t\t\t\t\t\t\t\t\t<!-- Blog Date Time -->\n\t\t\t\t\t\t\t\t\t\t\t\t\t\t\t\t\t\t<span class=\"date-time\">\n\t\t\t\t\t\t\t\t\t\t08-02-2026\t\t\t\t\t\t\t\t\t<\/span>\n\t\t\t\t\t\t\t\t\t\t\t\n\t\t\t\t\t\t\t\t\n\t\t\t\t\t\t\t\t\t<!-- Blog Author -->\n\t\t\t\t\t\t\t\t\t\t\t\t\t\t\t\t\t\t\n\t\t\t\t\t\t\t\t\t<!-- Blog Comment -->\n\t\t\t\t\t\t\t\t\t\t\t\t\t\t\t\t\t\t\n\t\t\t\t\t\t\t\t\t<!-- Blog Categories -->\n\t\t\t\t\t\t\t\t\t\t\t\t\t\t\t\t\t\t\n\t\t\t\t\t\t\t\t<\/div>\n\t\t\t\t\t\t\t\t\t\t\t\t\t\t\n\t\t\t\t\t\t\t\t\t\t\t\t\t\t\n\t\t\t\t\t\t\t\t\t\t\t\t\t<\/div>\n\t\t\t\t\t\t\t\n\t\t\t\t\t\t\t\t\t<\/article>\n\t\t\t\t\t\t\t<article class=\"item   ts-col-8 last\">\n\t\t\t\t\t\t\n\t\t\t\t\t\t\t\t\t\t\n\t\t\t\t\t\t\t\t\t\t\t<div class=\"thumbnail-content\">\n\t\t\t\t\t\t\t\t\t\t\t\t\t\t\t<a class=\"thumbnail  \" href=\"https:\/\/anpp.dz\/fr\/visite-de-terrain-de-plusieurs-pavillons-de-lexposition-dedies-au-secteur-de-lindustrie-pharmaceutique\/\">\n\t\t\t\t\t\t\t\t\t<figure>\n\t\t\t\t\t\t\t\t\t<img loading=\"lazy\" decoding=\"async\" width=\"496\" height=\"262\" src=\"https:\/\/anpp.dz\/wp-content\/uploads\/2025\/12\/602359398_122163092594765467_3753982468198421414_n-496x262.jpg\" class=\"attachment-mymedi_blog_thumb_shortcode size-mymedi_blog_thumb_shortcode wp-post-image\" alt=\"\" srcset=\"https:\/\/anpp.dz\/wp-content\/uploads\/2025\/12\/602359398_122163092594765467_3753982468198421414_n-496x262.jpg 496w, https:\/\/anpp.dz\/wp-content\/uploads\/2025\/12\/602359398_122163092594765467_3753982468198421414_n-992x525.jpg 992w\" sizes=\"auto, (max-width: 496px) 100vw, 496px\" \/>\t\t\t\t\t\t\t\t\t<\/figure>\n\t\t\t\t\t\t\t\t\t<div class=\"effect-thumbnail\"><\/div>\n\t\t\t\t\t\t\t\t<\/a>\n\t\t\t\t\t\t\t\t\t\t\t\t\t\n\t\t\t\t\t\t<\/div>\n\t\t\t\t\t\t\t\t\t\n\t\t\t\t\t\t\t\t\t\t\t\n\t\t\t\t\t\t<div class=\"entry-content\">\n\t\t\t\t\t\t\t\n\t\t\t\t\t\t\t\t\t\t\t\t\t\t<header>\n\t\t\t\t\t\t\t\t<h4 class=\"heading-title entry-title\">\n\t\t\t\t\t\t\t\t\t<a class=\"post-title heading-title\" href=\"https:\/\/anpp.dz\/fr\/visite-de-terrain-de-plusieurs-pavillons-de-lexposition-dedies-au-secteur-de-lindustrie-pharmaceutique\/\">Visite de terrain de plusieurs pavillons de l\u2019exposition d\u00e9di\u00e9s au secteur de l\u2019industrie pharmaceutique.<\/a>\n\t\t\t\t\t\t\t\t<\/h4>\n\t\t\t\t\t\t\t<\/header>\n\t\t\t\t\t\t\t\t\t\t\t\t\t\t\n\t\t\t\t\t\t\t\t\t\t\t\t\t\t\t<div class=\"entry-meta-middle\">\n\t\t\t\t\t\t\t\t\n\t\t\t\t\t\t\t\t\t<!-- Blog Date Time -->\n\t\t\t\t\t\t\t\t\t\t\t\t\t\t\t\t\t\t<span class=\"date-time\">\n\t\t\t\t\t\t\t\t\t\t24-12-2025\t\t\t\t\t\t\t\t\t<\/span>\n\t\t\t\t\t\t\t\t\t\t\t\n\t\t\t\t\t\t\t\t\n\t\t\t\t\t\t\t\t\t<!-- Blog Author -->\n\t\t\t\t\t\t\t\t\t\t\t\t\t\t\t\t\t\t\n\t\t\t\t\t\t\t\t\t<!-- Blog Comment -->\n\t\t\t\t\t\t\t\t\t\t\t\t\t\t\t\t\t\t\n\t\t\t\t\t\t\t\t\t<!-- Blog Categories -->\n\t\t\t\t\t\t\t\t\t\t\t\t\t\t\t\t\t\t\n\t\t\t\t\t\t\t\t<\/div>\n\t\t\t\t\t\t\t\t\t\t\t\t\t\t\n\t\t\t\t\t\t\t\t\t\t\t\t\t\t\n\t\t\t\t\t\t\t\t\t\t\t\t\t<\/div>\n\t\t\t\t\t\t\t\n\t\t\t\t\t\t\t\t\t<\/article>\n\t\t\t\t\t\t\t<article class=\"item   ts-col-8 first\">\n\t\t\t\t\t\t\n\t\t\t\t\t\t\t\t\t\t\n\t\t\t\t\t\t\t\t\t\t\t<div class=\"thumbnail-content\">\n\t\t\t\t\t\t\t\t\t\t\t\t\t\t\t<a class=\"thumbnail  \" href=\"https:\/\/anpp.dz\/fr\/lagence-nationale-des-produits-pharmaceutiques-signe-deux-memorandums-dentente-dans-le-cadre-du-renforcement-de-la-cooperation-africaine-en-matiere-de-reglementation-des-medicaments\/\">\n\t\t\t\t\t\t\t\t\t<figure>\n\t\t\t\t\t\t\t\t\t<img loading=\"lazy\" decoding=\"async\" width=\"496\" height=\"262\" src=\"https:\/\/anpp.dz\/wp-content\/uploads\/2025\/12\/WhatsApp-Image-2025-12-24-at-17.11.22-496x262.jpeg\" class=\"attachment-mymedi_blog_thumb_shortcode size-mymedi_blog_thumb_shortcode wp-post-image\" alt=\"\" srcset=\"https:\/\/anpp.dz\/wp-content\/uploads\/2025\/12\/WhatsApp-Image-2025-12-24-at-17.11.22-496x262.jpeg 496w, https:\/\/anpp.dz\/wp-content\/uploads\/2025\/12\/WhatsApp-Image-2025-12-24-at-17.11.22-992x525.jpeg 992w\" sizes=\"auto, (max-width: 496px) 100vw, 496px\" \/>\t\t\t\t\t\t\t\t\t<\/figure>\n\t\t\t\t\t\t\t\t\t<div class=\"effect-thumbnail\"><\/div>\n\t\t\t\t\t\t\t\t<\/a>\n\t\t\t\t\t\t\t\t\t\t\t\t\t\n\t\t\t\t\t\t<\/div>\n\t\t\t\t\t\t\t\t\t\n\t\t\t\t\t\t\t\t\t\t\t\n\t\t\t\t\t\t<div class=\"entry-content\">\n\t\t\t\t\t\t\t\n\t\t\t\t\t\t\t\t\t\t\t\t\t\t<header>\n\t\t\t\t\t\t\t\t<h4 class=\"heading-title entry-title\">\n\t\t\t\t\t\t\t\t\t<a class=\"post-title heading-title\" href=\"https:\/\/anpp.dz\/fr\/lagence-nationale-des-produits-pharmaceutiques-signe-deux-memorandums-dentente-dans-le-cadre-du-renforcement-de-la-cooperation-africaine-en-matiere-de-reglementation-des-medicaments\/\">L\u2019Agence nationale des produits pharmaceutiques signe deux m\u00e9morandums d\u2019entente dans le cadre du renforcement de la coop\u00e9ration africaine en mati\u00e8re de r\u00e9glementation des m\u00e9dicaments et d\u2019\u00e9change d\u2019expertises.<\/a>\n\t\t\t\t\t\t\t\t<\/h4>\n\t\t\t\t\t\t\t<\/header>\n\t\t\t\t\t\t\t\t\t\t\t\t\t\t\n\t\t\t\t\t\t\t\t\t\t\t\t\t\t\t<div class=\"entry-meta-middle\">\n\t\t\t\t\t\t\t\t\n\t\t\t\t\t\t\t\t\t<!-- Blog Date Time -->\n\t\t\t\t\t\t\t\t\t\t\t\t\t\t\t\t\t\t<span class=\"date-time\">\n\t\t\t\t\t\t\t\t\t\t29-11-2025\t\t\t\t\t\t\t\t\t<\/span>\n\t\t\t\t\t\t\t\t\t\t\t\n\t\t\t\t\t\t\t\t\n\t\t\t\t\t\t\t\t\t<!-- Blog Author -->\n\t\t\t\t\t\t\t\t\t\t\t\t\t\t\t\t\t\t\n\t\t\t\t\t\t\t\t\t<!-- Blog Comment -->\n\t\t\t\t\t\t\t\t\t\t\t\t\t\t\t\t\t\t\n\t\t\t\t\t\t\t\t\t<!-- Blog Categories -->\n\t\t\t\t\t\t\t\t\t\t\t\t\t\t\t\t\t\t\n\t\t\t\t\t\t\t\t<\/div>\n\t\t\t\t\t\t\t\t\t\t\t\t\t\t\n\t\t\t\t\t\t\t\t\t\t\t\t\t\t\n\t\t\t\t\t\t\t\t\t\t\t\t\t<\/div>\n\t\t\t\t\t\t\t\n\t\t\t\t\t\t\t\t\t<\/article>\n\t\t\t\t\t\t\t<article class=\"item   ts-col-8 \">\n\t\t\t\t\t\t\n\t\t\t\t\t\t\t\t\t\t\n\t\t\t\t\t\t\t\t\t\t\t<div class=\"thumbnail-content\">\n\t\t\t\t\t\t\t\t\t\t\t\t\t\t\t<a class=\"thumbnail  \" href=\"https:\/\/anpp.dz\/fr\/le-president-de-la-republique-supervise-linauguration-du-nouveau-complexe-industriel-de-fabrication-de-medicaments-a-constantine\/\">\n\t\t\t\t\t\t\t\t\t<figure>\n\t\t\t\t\t\t\t\t\t<img loading=\"lazy\" decoding=\"async\" width=\"496\" height=\"262\" src=\"https:\/\/anpp.dz\/wp-content\/uploads\/2025\/11\/FB_IMG_1763657401534-1-496x262.jpg\" class=\"attachment-mymedi_blog_thumb_shortcode size-mymedi_blog_thumb_shortcode wp-post-image\" alt=\"\" srcset=\"https:\/\/anpp.dz\/wp-content\/uploads\/2025\/11\/FB_IMG_1763657401534-1-496x262.jpg 496w, https:\/\/anpp.dz\/wp-content\/uploads\/2025\/11\/FB_IMG_1763657401534-1-992x525.jpg 992w\" sizes=\"auto, (max-width: 496px) 100vw, 496px\" \/>\t\t\t\t\t\t\t\t\t<\/figure>\n\t\t\t\t\t\t\t\t\t<div class=\"effect-thumbnail\"><\/div>\n\t\t\t\t\t\t\t\t<\/a>\n\t\t\t\t\t\t\t\t\t\t\t\t\t\n\t\t\t\t\t\t<\/div>\n\t\t\t\t\t\t\t\t\t\n\t\t\t\t\t\t\t\t\t\t\t\n\t\t\t\t\t\t<div class=\"entry-content\">\n\t\t\t\t\t\t\t\n\t\t\t\t\t\t\t\t\t\t\t\t\t\t<header>\n\t\t\t\t\t\t\t\t<h4 class=\"heading-title entry-title\">\n\t\t\t\t\t\t\t\t\t<a class=\"post-title heading-title\" href=\"https:\/\/anpp.dz\/fr\/le-president-de-la-republique-supervise-linauguration-du-nouveau-complexe-industriel-de-fabrication-de-medicaments-a-constantine\/\">Le Pr\u00e9sident de la R\u00e9publique supervise l\u2019inauguration du nouveau complexe industriel de fabrication de m\u00e9dicaments \u00e0 Constantine.<\/a>\n\t\t\t\t\t\t\t\t<\/h4>\n\t\t\t\t\t\t\t<\/header>\n\t\t\t\t\t\t\t\t\t\t\t\t\t\t\n\t\t\t\t\t\t\t\t\t\t\t\t\t\t\t<div class=\"entry-meta-middle\">\n\t\t\t\t\t\t\t\t\n\t\t\t\t\t\t\t\t\t<!-- Blog Date Time -->\n\t\t\t\t\t\t\t\t\t\t\t\t\t\t\t\t\t\t<span class=\"date-time\">\n\t\t\t\t\t\t\t\t\t\t20-11-2025\t\t\t\t\t\t\t\t\t<\/span>\n\t\t\t\t\t\t\t\t\t\t\t\n\t\t\t\t\t\t\t\t\n\t\t\t\t\t\t\t\t\t<!-- Blog Author -->\n\t\t\t\t\t\t\t\t\t\t\t\t\t\t\t\t\t\t\n\t\t\t\t\t\t\t\t\t<!-- Blog Comment -->\n\t\t\t\t\t\t\t\t\t\t\t\t\t\t\t\t\t\t\n\t\t\t\t\t\t\t\t\t<!-- Blog Categories -->\n\t\t\t\t\t\t\t\t\t\t\t\t\t\t\t\t\t\t\n\t\t\t\t\t\t\t\t<\/div>\n\t\t\t\t\t\t\t\t\t\t\t\t\t\t\n\t\t\t\t\t\t\t\t\t\t\t\t\t\t\n\t\t\t\t\t\t\t\t\t\t\t\t\t<\/div>\n\t\t\t\t\t\t\t\n\t\t\t\t\t\t\t\t\t<\/article>\n\t\t\t\t\t\t\t<article class=\"item   ts-col-8 last\">\n\t\t\t\t\t\t\n\t\t\t\t\t\t\t\t\t\t\n\t\t\t\t\t\t\t\t\t\t\t<div class=\"thumbnail-content\">\n\t\t\t\t\t\t\t\t\t\t\t\t\t\t\t<a class=\"thumbnail  \" href=\"https:\/\/anpp.dz\/fr\/iso-90012015-vers-lexcellence-institutionnelle-lagence-nationale-des-produits-pharmaceutiques-adopte-un-systeme-de-management-de-la-qualite\/\">\n\t\t\t\t\t\t\t\t\t<figure>\n\t\t\t\t\t\t\t\t\t<img loading=\"lazy\" decoding=\"async\" width=\"496\" height=\"262\" src=\"https:\/\/anpp.dz\/wp-content\/uploads\/2025\/06\/VERA-ANPP_CERTIFICAT_003_25-1-496x262.jpg\" class=\"attachment-mymedi_blog_thumb_shortcode size-mymedi_blog_thumb_shortcode wp-post-image\" alt=\"\" srcset=\"https:\/\/anpp.dz\/wp-content\/uploads\/2025\/06\/VERA-ANPP_CERTIFICAT_003_25-1-496x262.jpg 496w, https:\/\/anpp.dz\/wp-content\/uploads\/2025\/06\/VERA-ANPP_CERTIFICAT_003_25-1-992x525.jpg 992w\" sizes=\"auto, (max-width: 496px) 100vw, 496px\" \/>\t\t\t\t\t\t\t\t\t<\/figure>\n\t\t\t\t\t\t\t\t\t<div class=\"effect-thumbnail\"><\/div>\n\t\t\t\t\t\t\t\t<\/a>\n\t\t\t\t\t\t\t\t\t\t\t\t\t\n\t\t\t\t\t\t<\/div>\n\t\t\t\t\t\t\t\t\t\n\t\t\t\t\t\t\t\t\t\t\t\n\t\t\t\t\t\t<div class=\"entry-content\">\n\t\t\t\t\t\t\t\n\t\t\t\t\t\t\t\t\t\t\t\t\t\t<header>\n\t\t\t\t\t\t\t\t<h4 class=\"heading-title entry-title\">\n\t\t\t\t\t\t\t\t\t<a class=\"post-title heading-title\" href=\"https:\/\/anpp.dz\/fr\/iso-90012015-vers-lexcellence-institutionnelle-lagence-nationale-des-produits-pharmaceutiques-adopte-un-systeme-de-management-de-la-qualite\/\">ISO 9001:2015 vers l\u2019excellence institutionnelle : L\u2019Agence nationale des produits pharmaceutiques adopte un syst\u00e8me de management de la qualit\u00e9.<\/a>\n\t\t\t\t\t\t\t\t<\/h4>\n\t\t\t\t\t\t\t<\/header>\n\t\t\t\t\t\t\t\t\t\t\t\t\t\t\n\t\t\t\t\t\t\t\t\t\t\t\t\t\t\t<div class=\"entry-meta-middle\">\n\t\t\t\t\t\t\t\t\n\t\t\t\t\t\t\t\t\t<!-- Blog Date Time -->\n\t\t\t\t\t\t\t\t\t\t\t\t\t\t\t\t\t\t<span class=\"date-time\">\n\t\t\t\t\t\t\t\t\t\t25-06-2025\t\t\t\t\t\t\t\t\t<\/span>\n\t\t\t\t\t\t\t\t\t\t\t\n\t\t\t\t\t\t\t\t\n\t\t\t\t\t\t\t\t\t<!-- Blog Author -->\n\t\t\t\t\t\t\t\t\t\t\t\t\t\t\t\t\t\t\n\t\t\t\t\t\t\t\t\t<!-- Blog Comment -->\n\t\t\t\t\t\t\t\t\t\t\t\t\t\t\t\t\t\t\n\t\t\t\t\t\t\t\t\t<!-- Blog Categories -->\n\t\t\t\t\t\t\t\t\t\t\t\t\t\t\t\t\t\t\n\t\t\t\t\t\t\t\t<\/div>\n\t\t\t\t\t\t\t\t\t\t\t\t\t\t\n\t\t\t\t\t\t\t\t\t\t\t\t\t\t\n\t\t\t\t\t\t\t\t\t\t\t\t\t<\/div>\n\t\t\t\t\t\t\t\n\t\t\t\t\t\t\t\t\t<\/article>\n\t\t\t\t\t\t\t\t<\/div>\n\t\t\t\t\t\t\t\t\t<\/div>\n\t\t\t<\/div>\n\t\t[\/vc_column][\/vc_row][vc_row][vc_column][vc_row_inner][vc_column_inner][\/vc_column_inner][\/vc_row_inner][\/vc_column][\/vc_row][vc_row][vc_column][vc_row_inner][vc_column_inner][vc_custom_heading text=&#8221;Foire Aux Questions (FAQ)&#8221; use_theme_fonts=&#8221;yes&#8221; css=&#8221;.vc_custom_1766623705141{margin-bottom: 30px !important;}&#8221;][vc_toggle title=&#8221;Qu&#8217;est-ce que l&#8217;ANPP?&#8221; css=&#8221;&#8221;]L&#8217;Agence Nationale des Produits Pharmaceutiques (ANPP) est une institution publique plac\u00e9e sous la tutelle du Minist\u00e8re de l&#8217;Industrie Pharmaceutique. Elle est charg\u00e9e de l&#8217;enregistrement, de l&#8217;homologation et du contr\u00f4le de la qualit\u00e9 des produits pharmaceutiques et des dispositifs m\u00e9dicaux en Alg\u00e9rie. Elle assure \u00e9galement une mission de vigilance et de veille r\u00e9glementaire.[\/vc_toggle][vc_toggle title=&#8221;O\u00f9 se situe le si\u00e8ge de l&#8217;ANPP?&#8221; css=&#8221;&#8221;]Le si\u00e8ge de l&#8217;agence est situ\u00e9 \u00e0 l&#8217;adresse suivante : <b data-path-to-node=\"6\" data-index-in-node=\"95\">Lot G\u00e9raud Petit Staoueli, Dely Ibrahim, Alger \u2013 Alg\u00e9rie<\/b>.<\/p>\n<p>Des annexes r\u00e9gionales existent \u00e9galement (ex: Oran, Constantine) pour certains d\u00e9p\u00f4ts de dossiers.[\/vc_toggle][vc_toggle title=&#8221;Comment prendre rendez-vous pour le d\u00e9p\u00f4t de dossiers de Produits Pharmaceutiques (PP) ?&#8221; css=&#8221;&#8221;]La prise de rendez-vous s&#8217;effectue <strong>exclusivement en ligne<\/strong> via la plateforme d\u00e9di\u00e9e : <b data-path-to-node=\"8\" data-index-in-node=\"182\"><a class=\"ng-star-inserted\" href=\"https:\/\/rdvpp.anpp.dz\/\" target=\"_blank\" rel=\"noopener\" data-hveid=\"0\" data-ved=\"0CAAQ_4QMahcKEwij5dayjNeRAxUAAAAAHQAAAAAQVA\">rdvpp.anpp.dz<\/a><\/b>.<\/p>\n<ul>\n<li data-path-to-node=\"9,0,0\"><b data-path-to-node=\"9,0,0\" data-index-in-node=\"0\">Ouverture du formulaire :<\/b> Chaque <b data-path-to-node=\"9,0,0\" data-index-in-node=\"33\">mercredi \u00e0 partir de 10h00<\/b> jusqu&#8217;au jeudi \u00e0 10h00.<\/li>\n<li data-path-to-node=\"9,1,0\"><b data-path-to-node=\"9,1,0\" data-index-in-node=\"0\">Lieux de d\u00e9p\u00f4t :<\/b> <strong>Alger<\/strong>, <strong>Oran<\/strong> ou <strong>Constantine<\/strong>.<\/li>\n<li data-path-to-node=\"9,2,0\"><b data-path-to-node=\"9,2,0\" data-index-in-node=\"0\">Note :<\/b> Toute demande incompl\u00e8te est automatiquement <strong>annul\u00e9e<\/strong>.<\/li>\n<\/ul>\n<p>[\/vc_toggle][vc_toggle title=&#8221;Comment prendre rendez-vous pour les Dispositifs M\u00e9dicaux (DM) ?&#8221; css=&#8221;&#8221;]<\/p>\n<p data-path-to-node=\"10\">Les rendez-vous pour les dispositifs m\u00e9dicaux se prennent sur la plateforme : <b data-path-to-node=\"10\" data-index-in-node=\"151\"><a class=\"ng-star-inserted\" href=\"https:\/\/rdvdm.anpp.dz\/\" target=\"_blank\" rel=\"noopener\" data-hveid=\"0\" data-ved=\"0CAAQ_4QMahcKEwij5dayjNeRAxUAAAAAHQAAAAAQVQ\">rdvdm.anpp.dz<\/a><\/b>.<\/p>\n<ul>\n<li data-path-to-node=\"11,0,0\"><b data-path-to-node=\"11,0,0\" data-index-in-node=\"0\">Ouverture du formulaire :<\/b> Chaque <b data-path-to-node=\"11,0,0\" data-index-in-node=\"33\">mardi \u00e0 partir de 10h00<\/b> jusqu&#8217;au jeudi \u00e0 10h00.<\/li>\n<li data-path-to-node=\"11,1,0\"><b data-path-to-node=\"11,1,0\" data-index-in-node=\"0\">Jours de r\u00e9ception des dossiers :<\/b> <strong>Dimanche<\/strong>, <strong>Lundi<\/strong> et <strong>Mercredi<\/strong>.<\/li>\n<\/ul>\n<p>[\/vc_toggle][vc_toggle title=&#8221;Qu&#8217;est-ce que la plateforme E-TASJIL ?&#8221; css=&#8221;&#8221;]E-TASJIL est la plateforme num\u00e9rique de l&#8217;ANPP d\u00e9di\u00e9e \u00e0 la gestion des proc\u00e9dures d&#8217;enregistrement. Une nouvelle version (V2) a \u00e9t\u00e9 d\u00e9ploy\u00e9e pour faciliter les d\u00e9marches des op\u00e9rateurs pharmaceutiques.[\/vc_toggle][vc_toggle title=&#8221;Quels sont les horaires d&#8217;ouverture de l&#8217;agence ?&#8221; css=&#8221;&#8221;]L&#8217;agence est ouverte du <b data-path-to-node=\"16\" data-index-in-node=\"82\">dimanche au jeudi, de 8h30 \u00e0 16h30<\/b>.[\/vc_toggle][vc_toggle title=&#8221;Comment contacter l&#8217;ANPP en cas de besoin ?&#8221; css=&#8221;&#8221;]<\/p>\n<p data-path-to-node=\"17\">Vous pouvez contacter l&#8217;agence via les canaux suivants :<\/p>\n<ul>\n<li data-path-to-node=\"18,0,0\"><b data-path-to-node=\"18,0,0\" data-index-in-node=\"0\">T\u00e9l\u00e9phone :<\/b> (+213) 23 36 75 22<\/li>\n<li data-path-to-node=\"18,0,0\"><b data-path-to-node=\"18,1,0\" data-index-in-node=\"0\">Email (Direction G\u00e9n\u00e9rale) :<\/b> direction_generale@anpp.dz<\/li>\n<li data-path-to-node=\"18,0,0\"><b data-path-to-node=\"18,2,0\" data-index-in-node=\"0\">Email (Communication) :<\/b> bureau_communication@anpp.dz<\/li>\n<\/ul>\n<p>[\/vc_toggle][\/vc_column_inner][\/vc_row_inner][\/vc_column][vc_column offset=&#8221;vc_hidden-md vc_hidden-sm vc_hidden-xs&#8221;][vc_empty_space height=&#8221;30px&#8221;][\/vc_column][\/vc_row][vc_row][vc_column][vc_row_inner][vc_column_inner][vc_custom_heading text=&#8221;M\u00e9diath\u00e8que&#8221; use_theme_fonts=&#8221;yes&#8221; css=&#8221;.vc_custom_1766657630151{margin-bottom: 30px !important;}&#8221;][vc_masonry_media_grid style=&#8221;load-more&#8221; items_per_page=&#8221;11&#8243; gap=&#8221;3&#8243; css=&#8221;&#8221; btn_title=&#8221;Voir Plus&#8221; btn_color=&#8221;default&#8221; grid_id=&#8221;vc_gid:1767882636562-42f48f10d3508f48e61682bec4786bd2-10&#8243; include=&#8221;20825,20783,20777,20835,20855,20853,20521,20518,20517,20445,20429,20431,20050,20060,20063,20003,19903,19770,21144,21140,21138,21130,21052,21062,21072,21056,21080,21106,21104&#8243; el_class=&#8221;M\u00e9diath\u00e8que&#8221; el_id=&#8221;M\u00e9diath\u00e8que&#8221;][\/vc_column_inner][\/vc_row_inner][\/vc_column][\/vc_row]<\/p>\n<\/div>","protected":false},"excerpt":{"rendered":"<p>[vc_row layout=&#8221;ts-row-boxed&#8221;][vc_column][\/vc_column][\/vc_row][vc_row full_width=&#8221;stretch_row&#8221; css_animation=&#8221;fadeIn&#8221; css=&#8221;.vc_custom_1766629697650{margin-bottom: 50px !important;padding-top: 60px !important;padding-bottom: 60px !important;background-color: #FFFFFF !important;background-position: 0 0 !important;background-repeat: no-repeat !important;}&#8221; el_class=&#8221;bg-center&#8221;][vc_column][vc_row_inner][vc_column_inner width=&#8221;1\/3&#8243;][mvc_infobox link=&#8221;link_box&#8221; title_color=&#8221;#000000&#8243; info_title=&#8221;Enregistrement des Produits Pharmaceutiques&#8221; image_size=&#8221;150&#8243; btn_url=&#8221;url:https%3A%2F%2Fanpp.dz%2Fmissions%2F&#8221; image_id=&#8221;21242&#8243;][\/mvc_infobox][\/vc_column_inner][vc_column_inner width=&#8221;1\/3&#8243;][mvc_infobox link=&#8221;link_box&#8221; title_color=&#8221;#000000&#8243; info_title=&#8221;Homologation des Dispositifs M\u00e9dicaux&#8221; image_id=&#8221;21244&#8243; image_size=&#8221;150&#8243; btn_url=&#8221;url:https%3A%2F%2Fanpp.dz%2Fmissions%2F&#8221;][\/mvc_infobox][\/vc_column_inner][vc_column_inner width=&#8221;1\/3&#8243;][mvc_infobox link=&#8221;link_box&#8221; title_color=&#8221;#000000&#8243; info_title=&#8221;Contr\u00f4le de la Qualit\u00e9 et de l&#8217;Expertise&#8221; image_id=&#8221;21246&#8243; image_size=&#8221;150&#8243; btn_url=&#8221;url:https%3A%2F%2Fanpp.dz%2Fmissions%2F&#8221;][\/mvc_infobox][\/vc_column_inner][\/vc_row_inner][\/vc_column][\/vc_row][vc_row][vc_column][vc_row_inner][vc_column_inner][\/vc_column_inner][vc_column_inner][vc_empty_space][vc_separator css=&#8221;&#8221;][vc_empty_space][info_banner_vc style_visibility=&#8221;left&#8221; google_fonts=&#8221;font_family:ABeeZee%3Aregular%2Citalic|font_style:400%20regular%3A400%3Anormal&#8221; [&hellip;]<\/p>\n","protected":false},"author":1,"featured_media":0,"parent":0,"menu_order":0,"comment_status":"closed","ping_status":"closed","template":"","meta":{"footnotes":""},"class_list":["post-15598","page","type-page","status-publish","hentry"],"_links":{"self":[{"href":"https:\/\/anpp.dz\/fr\/wp-json\/wp\/v2\/pages\/15598","targetHints":{"allow":["GET"]}}],"collection":[{"href":"https:\/\/anpp.dz\/fr\/wp-json\/wp\/v2\/pages"}],"about":[{"href":"https:\/\/anpp.dz\/fr\/wp-json\/wp\/v2\/types\/page"}],"author":[{"embeddable":true,"href":"https:\/\/anpp.dz\/fr\/wp-json\/wp\/v2\/users\/1"}],"replies":[{"embeddable":true,"href":"https:\/\/anpp.dz\/fr\/wp-json\/wp\/v2\/comments?post=15598"}],"version-history":[{"count":147,"href":"https:\/\/anpp.dz\/fr\/wp-json\/wp\/v2\/pages\/15598\/revisions"}],"predecessor-version":[{"id":21721,"href":"https:\/\/anpp.dz\/fr\/wp-json\/wp\/v2\/pages\/15598\/revisions\/21721"}],"wp:attachment":[{"href":"https:\/\/anpp.dz\/fr\/wp-json\/wp\/v2\/media?parent=15598"}],"curies":[{"name":"wp","href":"https:\/\/api.w.org\/{rel}","templated":true}]}}